{"id":4438,"date":"2022-08-27T18:14:56","date_gmt":"2022-08-27T16:14:56","guid":{"rendered":"http:\/\/bozppo-neu.cz\/?page_id=4438"},"modified":"2023-03-23T14:04:31","modified_gmt":"2023-03-23T13:04:31","slug":"nejpodstatnejsi-zmeny-v-bezpecnosti-technickych-zarizeni","status":"publish","type":"page","link":"http:\/\/bozppo-neu.cz\/?page_id=4438","title":{"rendered":"Nejpodstatn\u011bj\u0161\u00ed zm\u011bny v bezpe\u010dnosti technick\u00fdch za\u0159\u00edzen\u00ed"},"content":{"rendered":"<p><img decoding=\"async\" loading=\"lazy\" class=\"alignright wp-image-2945\" src=\"http:\/\/bozppo-neu.cz\/wp-content\/uploads\/2018\/02\/PICT3839.jpg\" alt=\"pict3839\" width=\"420\" height=\"315\" srcset=\"http:\/\/bozppo-neu.cz\/wp-content\/uploads\/2018\/02\/PICT3839.jpg 3744w, http:\/\/bozppo-neu.cz\/wp-content\/uploads\/2018\/02\/PICT3839-300x225.jpg 300w, http:\/\/bozppo-neu.cz\/wp-content\/uploads\/2018\/02\/PICT3839-768x576.jpg 768w, http:\/\/bozppo-neu.cz\/wp-content\/uploads\/2018\/02\/PICT3839-1024x768.jpg 1024w, http:\/\/bozppo-neu.cz\/wp-content\/uploads\/2018\/02\/PICT3839-1200x900.jpg 1200w\" sizes=\"(max-width: 420px) 100vw, 420px\" \/>Dnem 1. \u010dervence 2022 nabyly \u00fa\u010dinnosti nov\u00e9 pr\u00e1vn\u00ed p\u0159edpisy upravuj\u00edc\u00ed bezpe\u010dnost technick\u00fdch za\u0159\u00edzen\u00ed, p\u0159edev\u0161\u00edm vyhrazen\u00fdch technick\u00fdch za\u0159\u00edzen\u00ed (VTZ). Nov\u00e1 pr\u00e1vn\u00ed \u00faprava p\u0159in\u00e1\u0161\u00ed celou \u0159\u00e1du zm\u011bn.<\/p>\n<p>T\u011bmi nejpodstatn\u011bj\u0161\u00edmi jsou:<\/p>\n<ul>\n<li>dosavadn\u00ed technick\u00fd p\u0159\u00edstup k zaji\u0161t\u011bn\u00ed bezpe\u010dnosti VTZ je nahrazen mana\u017eersk\u00fdm,<\/li>\n<li>zvy\u0161uje se administrativn\u00ed a person\u00e1ln\u00ed z\u00e1t\u011b\u017e provozovatele VTZ,<\/li>\n<li>z\u00e1sadn\u00edm zp\u016fsobem se upravuje odpov\u011bdnost za bezpe\u010dn\u00fd provoz VTZ,<\/li>\n<li>stanovuje se, za jak\u00fdch obecn\u00fdch podm\u00ednek sm\u00ed b\u00fdt VTZ pou\u017e\u00edv\u00e1no,<\/li>\n<li>nov\u011b definovan\u00e1 vyhrazen\u00e1 technick\u00e1 elektrick\u00e1 za\u0159\u00edzen\u00ed, jako\u017e i kter\u00e1 jimi nejsou,<\/li>\n<li>nov\u011b definovan\u00e9 rozd\u011blen\u00ed vyhrazen\u00fdch technick\u00fdch elektrick\u00fdch za\u0159\u00edzen\u00ed do t\u0159\u00edd,<\/li>\n<li>zru\u0161en\u00ed reviz\u00ed u elektrick\u00fdch spot\u0159ebi\u010d\u016f a elektrick\u00e9ho n\u00e1\u0159ad\u00ed (revize se prov\u00e1d\u00ed pouze u VTZ),<\/li>\n<li>p\u0159esn\u00e9 ur\u010den\u00ed obsahu revizn\u00ed zpr\u00e1vy,<\/li>\n<li>zpracov\u00e1n\u00ed <a href=\"http:\/\/bozppo-neu.cz\/?page_id=4417\">\u0159\u00e1du prohl\u00eddek, \u00fadr\u017eby a reviz\u00ed<\/a>,<\/li>\n<li>ustanoven\u00ed (pov\u011b\u0159en\u00ed) osoby odpov\u011bdn\u00e9 za elektrick\u00e9 za\u0159\u00edzen\u00ed (nemus\u00ed m\u00edt elektrotechnickou kvalifikaci),<\/li>\n<li>nov\u00e9 n\u00e1zvy pro jednotliv\u00e9 elektrotechnick\u00e9 kvalifikace,<\/li>\n<li>nov\u00e1 \u00faprava zp\u016fsobilosti k v\u00fdkonu \u010dinnosti,<\/li>\n<li>nen\u00ed pot\u0159eba elektrotechnick\u00e1 kvalifikace pro obsluhu elektrick\u00e9ho za\u0159\u00edzen\u00ed mal\u00e9ho a n\u00edzk\u00e9ho nap\u011bt\u00ed,<\/li>\n<li>nov\u011b upraven\u00e9 po\u017eadavky na kvalifikaci \u017e\u00e1k\u016f a student\u016f v r\u00e1mci praktick\u00e9 v\u00fduky pro \u010dinnosti na elektrick\u00fdch za\u0159\u00edzen\u00edch a v jejich bl\u00edzkosti,<\/li>\n<li>roz\u0161\u00ed\u0159en\u00ed pro kter\u00e1 vyhrazen\u00e1 technick\u00e1 plynov\u00e1 za\u0159\u00edzen\u00ed mus\u00ed b\u00fdt veden provozn\u00ed den\u00edk,<\/li>\n<li>mezi vyhrazen\u00e1 technick\u00e1 plynov\u00e1 za\u0159\u00edzen\u00ed jsou za\u0159azena za\u0159\u00edzen\u00ed pro vypou\u0161t\u011bn\u00ed hasebn\u00edch plyn\u016f,<\/li>\n<li>prodlou\u017een\u00ed doby, na kterou se zpracov\u00e1v\u00e1 harmonogram reviz\u00ed a kontrol na 6 let,<\/li>\n<li>jmenov\u00e1n\u00ed osoby odpov\u011bdn\u00e9 za provoz&nbsp;vyhrazen\u00e9ho technick\u00e9ho plynov\u00e9ho za\u0159\u00edzen\u00ed a zaji\u0161t\u011bn\u00ed jej\u00edho za\u0161kolen\u00ed s ov\u011b\u0159en\u00edm znalost\u00ed,<\/li>\n<li>nov\u011b stanoven\u00e9 podm\u00ednky na um\u00edst\u011bn\u00ed vyhrazen\u00e9ho technick\u00e9ho tlakov\u00e9ho za\u0159\u00edzen\u00ed,<\/li>\n<li>potvrzen\u00ed o p\u0159ed\u00e1n\u00ed revize vyhrazen\u00e9ho technick\u00e9ho tlakov\u00e9ho za\u0159\u00edzen\u00ed,<\/li>\n<li>uveden\u00ed data, do kdy je zkou\u0161ka nebo revize vyhrazen\u00e9ho technick\u00e9ho tlakov\u00e9ho za\u0159\u00edzen\u00ed platn\u00e1,<\/li>\n<li>ustanoven\u00ed odpov\u011bdn\u00e9 osoby za provoz (provozovatel odpov\u00edd\u00e1 za jej\u00ed sezn\u00e1men\u00ed s po\u017eadavky pr\u00e1vn\u00edch a ostatn\u00edch p\u0159edpis\u016f; nesm\u00ed j\u00edm b\u00fdt revizn\u00ed technik; od n\u011bj osoba p\u0159ij\u00edm\u00e1 informaci o tom, \u017ee za\u0159\u00edzen\u00ed vykazuje z\u00e1vady br\u00e1n\u00edc\u00ed jemu dal\u0161\u00edmu bezpe\u010dn\u00e9mu provozu),<\/li>\n<li>nov\u011b definovan\u00e1 vyhrazen\u00e1 technick\u00e1 zdvihac\u00ed za\u0159\u00edzen\u00ed,<\/li>\n<li>ustanoven\u00ed osoby odpov\u011bdn\u00e9 za bezpe\u010dn\u00fd provoz vyhrazen\u00fdch technick\u00fdch zdvihac\u00edch za\u0159\u00edzen\u00ed,<\/li>\n<li>zaveden\u00ed povinnosti hl\u00e1sit vznik <a href=\"http:\/\/bozppo-neu.cz\/?page_id=4417\">hav\u00e1rie<\/a>.<\/li>\n<\/ul>\n<p style=\"text-align: right;\">2022-08-27<\/p>\n<p style=\"text-align: center;\"><\/p>\n\n\n<pre class=\"wp-block-code\"><code><p align=\"center\"><a href=\"http:\/\/bozppo-neu.cz\/?page_id=943\"><img decoding=\"async\" loading=\"lazy\" src=\"http:\/\/bozppo-neu.cz\/img\/menubutton.jpg\" alt=\"o uroven vyse\" width=\"50\" height=\"72\"><\/a><\/p><\/code><\/pre>\n","protected":false},"excerpt":{"rendered":"<p>Dnem 1. \u010dervence 2022 nabyly \u00fa\u010dinnosti nov\u00e9 pr\u00e1vn\u00ed p\u0159edpisy upravuj\u00edc\u00ed bezpe\u010dnost technick\u00fdch za\u0159\u00edzen\u00ed, p\u0159edev\u0161\u00edm vyhrazen\u00fdch technick\u00fdch za\u0159\u00edzen\u00ed (VTZ). Nov\u00e1 pr\u00e1vn\u00ed \u00faprava p\u0159in\u00e1\u0161\u00ed celou \u0159\u00e1du zm\u011bn. T\u011bmi nejpodstatn\u011bj\u0161\u00edmi jsou: dosavadn\u00ed technick\u00fd p\u0159\u00edstup k zaji\u0161t\u011bn\u00ed bezpe\u010dnosti VTZ je nahrazen mana\u017eersk\u00fdm, zvy\u0161uje se administrativn\u00ed a person\u00e1ln\u00ed z\u00e1t\u011b\u017e provozovatele VTZ, z\u00e1sadn\u00edm zp\u016fsobem se upravuje odpov\u011bdnost za bezpe\u010dn\u00fd provoz VTZ, [&hellip;]<\/p>\n","protected":false},"author":1,"featured_media":0,"parent":0,"menu_order":0,"comment_status":"closed","ping_status":"closed","template":"","meta":[],"_links":{"self":[{"href":"http:\/\/bozppo-neu.cz\/index.php?rest_route=\/wp\/v2\/pages\/4438"}],"collection":[{"href":"http:\/\/bozppo-neu.cz\/index.php?rest_route=\/wp\/v2\/pages"}],"about":[{"href":"http:\/\/bozppo-neu.cz\/index.php?rest_route=\/wp\/v2\/types\/page"}],"author":[{"embeddable":true,"href":"http:\/\/bozppo-neu.cz\/index.php?rest_route=\/wp\/v2\/users\/1"}],"replies":[{"embeddable":true,"href":"http:\/\/bozppo-neu.cz\/index.php?rest_route=%2Fwp%2Fv2%2Fcomments&post=4438"}],"version-history":[{"count":15,"href":"http:\/\/bozppo-neu.cz\/index.php?rest_route=\/wp\/v2\/pages\/4438\/revisions"}],"predecessor-version":[{"id":5172,"href":"http:\/\/bozppo-neu.cz\/index.php?rest_route=\/wp\/v2\/pages\/4438\/revisions\/5172"}],"wp:attachment":[{"href":"http:\/\/bozppo-neu.cz\/index.php?rest_route=%2Fwp%2Fv2%2Fmedia&parent=4438"}],"curies":[{"name":"wp","href":"https:\/\/api.w.org\/{rel}","templated":true}]}}